{"id":12358,"date":"2025-08-01T15:30:48","date_gmt":"2025-08-01T13:30:48","guid":{"rendered":"https:\/\/cms.zdv.uni-mainz.de\/fb02-internationale-beziehungen\/international-relations\/jonas-biel-m-a\/"},"modified":"2025-10-22T11:16:26","modified_gmt":"2025-10-22T09:16:26","slug":"jonas-biel-m-a","status":"publish","type":"page","link":"https:\/\/internationale.politik.uni-mainz.de\/en\/international-relations\/jonas-biel-m-a\/","title":{"rendered":"Jonas Biel, M.A."},"content":{"rendered":"<jgu-base-pageheader react-props=\"{\n    &quot;items&quot;: [\n        {\n            &quot;box&quot;: {\n                &quot;index&quot;: &quot;&quot;,\n                &quot;title&quot;: &quot;Jonas Biel, M.A.&quot;,\n                &quot;link&quot;: {\n                    &quot;url&quot;: &quot;&quot;,\n                    &quot;title&quot;: &quot;learn more&quot;\n                }\n            },\n            &quot;color&quot;: &quot;default&quot;,\n            &quot;image&quot;: {\n                &quot;url&quot;: &quot;&quot;\n            },\n            &quot;imgCredit&quot;: &quot;&quot;,\n            &quot;useVideo&quot;: false,\n            &quot;video&quot;: false\n        }\n    ],\n    &quot;type&quot;: &quot;border&quot;,\n    &quot;useBreadcrumb&quot;: true,\n    &quot;align&quot;: &quot;full&quot;,\n    &quot;quicklinks&quot;: {\n        &quot;show&quot;: false,\n        &quot;selects&quot;: []\n    }\n}\">\n<\/jgu-base-pageheader>\n<div class=\"wp-block-columns is-layout-flex wp-container-core-columns-is-layout-9d6595d7 wp-block-columns-is-layout-flex\">\n<div class=\"wp-block-column is-layout-flow wp-block-column-is-layout-flow\"><jgu-base-idm-person react-props=\"{\n    &quot;id&quot;: &quot;283733&quot;,\n    &quot;link&quot;: &quot;false&quot;,\n    &quot;organizationId&quot;: 615,\n    &quot;roleId&quot;: 16,\n    &quot;name&quot;: &quot;&quot;,\n    &quot;skipDetails&quot;: [],\n    &quot;align&quot;: &quot;left&quot;,\n    &quot;color&quot;: &quot;default&quot;,\n    &quot;mode&quot;: &quot;edit&quot;,\n    &quot;linkType&quot;: &quot;false&quot;\n}\">\n        \n<\/jgu-base-idm-person>\n<\/div>\n\n\n\n<div class=\"wp-block-column is-layout-flow wp-block-column-is-layout-flow\">\n<div style=\"height:95px\" aria-hidden=\"true\" class=\"wp-block-spacer\"><\/div>\n<\/div>\n<\/div>\n\n<div style=\"height:90px\" aria-hidden=\"true\" class=\"wp-block-spacer\"><\/div>\n\n<div class=\"wp-block-columns is-layout-flex wp-container-core-columns-is-layout-9d6595d7 wp-block-columns-is-layout-flex\">\n<div class=\"wp-block-column is-layout-flow wp-block-column-is-layout-flow\"><jgu-base-heading react-props=\"{\n    &quot;tags&quot;: {\n        &quot;htmlTag&quot;: &quot;h2&quot;,\n        &quot;classTag&quot;: &quot;&quot;,\n        &quot;tag&quot;: &quot;h2&quot;\n    },\n    &quot;heading&quot;: &quot;Biography&quot;,\n    &quot;textAlign&quot;: &quot;left&quot;,\n    &quot;anchor&quot;: &quot;&quot;,\n    &quot;index&quot;: &quot;&quot;,\n    &quot;color&quot;: &quot;red&quot;\n}\"><\/jgu-base-heading>\n\n\n<jgu-base-alertbox react-props=\"{\n    &quot;headline&quot;: &quot;CV&quot;,\n    &quot;headlineColor&quot;: &quot;dark&quot;,\n    &quot;subline&quot;: &quot;&quot;,\n    &quot;children&quot;: &quot;&quot;,\n    &quot;icon&quot;: &quot;&quot;,\n    &quot;iconOverHeadline&quot;: false,\n    &quot;isPreview&quot;: false\n}\">\n    \n<jgu-base-listitem react-props=\"{\n    &quot;title&quot;: &quot;PhD Candidate on Football, European Identities, and Social Cohesion&quot;,\n    &quot;uuid&quot;: &quot;1754055217637&quot;,\n    &quot;align&quot;: &quot;wide&quot;,\n    &quot;showInActions&quot;: false,\n    &quot;allowNesting&quot;: true,\n    &quot;icon&quot;: &quot;&quot;,\n    &quot;showExpandableContent&quot;: false,\n    &quot;expandableContent&quot;: &quot;&quot;,\n    &quot;link&quot;: {\n        &quot;url&quot;: &quot;&quot;\n    }\n}\">\n    \n<\/jgu-base-listitem>\n\n<jgu-base-listitem react-props=\"{\n    &quot;title&quot;: &quot; &lt;strong&gt;2017 to 2020&lt;\\\/strong&gt;: Empirical Democracy Research (M.A.) at Johannes Gutenberg University Mainz &quot;,\n    &quot;uuid&quot;: &quot;1745002963432&quot;,\n    &quot;link&quot;: {\n        &quot;url&quot;: null\n    },\n    &quot;align&quot;: &quot;wide&quot;,\n    &quot;showInActions&quot;: false,\n    &quot;allowNesting&quot;: true,\n    &quot;icon&quot;: &quot;&quot;,\n    &quot;showExpandableContent&quot;: false,\n    &quot;expandableContent&quot;: &quot;&quot;\n}\">\n    \n<\/jgu-base-listitem>\n\n<jgu-base-listitem react-props=\"{\n    &quot;title&quot;: &quot;&lt;strong&gt;2012 to 2016&lt;\\\/strong&gt;: Political Science (B.A.) at Johannes Gutenberg University Mainz &quot;,\n    &quot;uuid&quot;: &quot;1745003018920&quot;,\n    &quot;link&quot;: {\n        &quot;url&quot;: null\n    },\n    &quot;align&quot;: &quot;wide&quot;,\n    &quot;showInActions&quot;: false,\n    &quot;allowNesting&quot;: true,\n    &quot;icon&quot;: &quot;&quot;,\n    &quot;showExpandableContent&quot;: false,\n    &quot;expandableContent&quot;: &quot;&quot;\n}\">\n    \n<\/jgu-base-listitem>\n\n<\/jgu-base-alertbox><\/div>\n\n\n\n<div class=\"wp-block-column is-layout-flow wp-block-column-is-layout-flow\"><jgu-base-heading react-props=\"{\n    &quot;tags&quot;: {\n        &quot;htmlTag&quot;: &quot;h2&quot;,\n        &quot;classTag&quot;: &quot;&quot;,\n        &quot;tag&quot;: &quot;h2&quot;\n    },\n    &quot;heading&quot;: &quot;Research Interests&quot;,\n    &quot;textAlign&quot;: &quot;left&quot;,\n    &quot;anchor&quot;: &quot;&quot;,\n    &quot;index&quot;: &quot;&quot;,\n    &quot;color&quot;: &quot;red&quot;\n}\"><\/jgu-base-heading>\n\n\n\n<ul class=\"wp-block-list\">\n<li>Europeanization<\/li>\n\n\n\n<li>European Identities<\/li>\n\n\n\n<li>Sport &amp; Politics<\/li>\n\n\n\n<li>Quantitative Social Research<\/li>\n<\/ul>\n\n\n<jgu-base-heading react-props=\"{\n    &quot;tags&quot;: {\n        &quot;htmlTag&quot;: &quot;h2&quot;,\n        &quot;classTag&quot;: &quot;h3&quot;,\n        &quot;tag&quot;: &quot;h2.h3&quot;\n    },\n    &quot;heading&quot;: &quot;Current research projects&quot;,\n    &quot;textAlign&quot;: &quot;left&quot;,\n    &quot;anchor&quot;: &quot;&quot;,\n    &quot;index&quot;: &quot;&quot;,\n    &quot;color&quot;: &quot;red&quot;\n}\"><\/jgu-base-heading>\n\n\n\n<ul class=\"wp-block-list\">\n<li>Research project FANZinE \u2013 Football as a Basis for Social Cohesion in Europe (<a href=\"https:\/\/fanzine-research.github.io\/\">https:\/\/fanzine-research.github.io\/<\/a>)<\/li>\n<\/ul>\n<\/div>\n<\/div>\n\n<div style=\"height:90px\" aria-hidden=\"true\" class=\"wp-block-spacer\"><\/div>\n<jgu-base-heading react-props=\"{\n    &quot;tags&quot;: {\n        &quot;htmlTag&quot;: &quot;h2&quot;,\n        &quot;classTag&quot;: &quot;&quot;,\n        &quot;tag&quot;: &quot;h2&quot;\n    },\n    &quot;heading&quot;: &quot;Courses&quot;,\n    &quot;textAlign&quot;: &quot;left&quot;,\n    &quot;anchor&quot;: &quot;&quot;,\n    &quot;index&quot;: &quot;&quot;,\n    &quot;color&quot;: &quot;red&quot;\n}\"><\/jgu-base-heading>\n\t<ol class=\"wp-block-list has-big-font-size\">\n\t\t\t\t\t<li>\n\t\t\t<a href=\"?event_id=394143934105035&amp;skip_groups=false\">\n\t\t\t\tBasissem Internationale Beziehungen<\/a><br>\n\t\t\t\tInstructor: Jonas Biel; Dr. Johannes Muntschick; Dr. Friedrich Plank\t\t\t\t\t\t<\/li>\n\t\t\t\t\t<li>\n\t\t\t<a href=\"?event_id=394143934806152&amp;skip_groups=false\">\n\t\t\t\tV Einf\u00fchrung in die Internationalen Beziehungen<\/a><br>\n\t\t\t\tInstructor: Jonas Biel; Dr. Johannes Muntschick; Univ-Prof. Dr. Arne Niemann; Dr. Friedrich Plank; Laura Ulrich; Dr. Doris Unger\t\t\t\t\t\t<\/li>\n\t\t<\/ol>\n\t<hr>\n<p>\n\tSoSe 2026\t<\/p>\n\n\n<div style=\"height:90px\" aria-hidden=\"true\" class=\"wp-block-spacer\"><\/div>\n<jgu-base-heading react-props=\"{\n    &quot;tags&quot;: {\n        &quot;htmlTag&quot;: &quot;h2&quot;,\n        &quot;classTag&quot;: &quot;&quot;,\n        &quot;tag&quot;: &quot;h2&quot;\n    },\n    &quot;heading&quot;: &quot;Publications&quot;,\n    &quot;textAlign&quot;: &quot;left&quot;,\n    &quot;anchor&quot;: &quot;&quot;,\n    &quot;index&quot;: &quot;&quot;,\n    &quot;color&quot;: &quot;red&quot;\n}\"><\/jgu-base-heading>\n<div>\n\n\t\n\t<div class=\"csl-bib-body\">\n  <div class=\"csl-entry\">Biel, J. (2026). A Team Is Built on Trust: In\u2010Group Trust Formation and Trust Generalisation in European Football Fans. <i>Contemporary European Politics<\/i>, <i>4<\/i>(2). <a href=\"https:\/\/doi.org\/10.1002\/cep4.70034\" title=\"Bibliographical information\">DOI<\/a><\/div>\n  <div class=\"csl-entry\">Biel, J., and Finger, T. (2026). Identit\u00e4t und sozialer Zusammenhalt im Fu\u00dfball zwischen Europ\u00e4isierung und Kommerzialisierung. <i>FuG \u2013 Zeitschrift f\u00fcr Fu\u00dfball und Gesellschaft<\/i>, <i>6<\/i>(2-2024), 128-128. <a href=\"https:\/\/doi.org\/10.3224\/fug.v6i2.03\" title=\"Bibliographical information\">DOI<\/a><\/div>\n  <div class=\"csl-entry\">Llopis-Goig, R., Biel, J., Finger, T., et al. (2026). From local isolation to transnational engagement: Differentiation in European football fan culture. <i>INTERNATIONAL REVIEW FOR THE SOCIOLOGY OF SPORT<\/i>, <i>61<\/i>(1), 82-103. <a href=\"https:\/\/doi.org\/10.1177\/10126902251328420\" title=\"Bibliographical information\">DOI<\/a> <a href=\"https:\/\/www.webofscience.com\/api\/gateway?GWVersion=2&#038;SrcApp=fis-test-1&#038;SrcAuth=WosAPI&#038;KeyUT=WOS:001481040200001&#038;DestLinkType=FullRecord&#038;DestApp=WOS_CPL\" title=\"Bibliographical information\" >Author\/Publisher URL<\/a><\/div>\n  <div class=\"csl-entry\">Kossakowski, R., Niemann, A., Biel, J., et al. (2025). Linking perceptions of football governance to democratic values: a comparative study of fan attitudes in Germany, Norway, Poland, and Spain. <i>EUROPEAN JOURNAL FOR SPORT AND SOCIETY<\/i>. Published. <a href=\"https:\/\/doi.org\/10.1080\/16138171.2025.2580809\" title=\"Bibliographical information\">DOI<\/a> <a href=\"https:\/\/www.webofscience.com\/api\/gateway?GWVersion=2&#038;SrcApp=fis-test-1&#038;SrcAuth=WosAPI&#038;KeyUT=WOS:001644468900001&#038;DestLinkType=FullRecord&#038;DestApp=WOS_CPL\" title=\"Bibliographical information\" >Author\/Publisher URL<\/a><\/div>\n  <div class=\"csl-entry\">Biel, J. (2025). Football Fandom and European Practices of Social Cohesion: How Football Fandom Shapes and Structures Cross-Border Communication and Travel in Europe. <i>International Journal of the Sociology of Leisure<\/i>. Published online. <a href=\"https:\/\/doi.org\/10.1007\/s41978-025-00182-8\" title=\"Bibliographical information\">DOI<\/a><\/div>\n  <div class=\"csl-entry\">Biel, J., Niemann, A., Finger, T., Reinke, V. (2025). <i>Uniting Europe Through Football The Interplay Between Fandom, Identity and Social Cohesion<\/i>. Palgrave MacMillan.<\/div>\n  <div class=\"csl-entry\">Biel, J., Finger, T., Niemann, A., et al. (2025). A European Public Sphere United by Football: A Comparative Quantitative Text Analysis of German, Norwegian, Polish and Spanish Football Media. <i>JCMS-JOURNAL OF COMMON MARKET STUDIES<\/i>, <i>63<\/i>(1), 3-27. <a href=\"https:\/\/doi.org\/10.1111\/jcms.13559\" title=\"Bibliographical information\">DOI<\/a> <a href=\"https:\/\/www.webofscience.com\/api\/gateway?GWVersion=2&#038;SrcApp=fis-test-1&#038;SrcAuth=WosAPI&#038;KeyUT=WOS:001089620800001&#038;DestLinkType=FullRecord&#038;DestApp=WOS_CPL\" title=\"Bibliographical information\" >Author\/Publisher URL<\/a><\/div>\n  <div class=\"csl-entry\">Biel, J., Reinke, V., Finger, T., Niemann, A. (2024). No longer sidelined? Football fandom, belonging, and the boundaries of Europe. <i>JOURNAL OF CONTEMPORARY EUROPEAN STUDIES<\/i>, <i>32<\/i>(4), 1343-1365. <a href=\"https:\/\/doi.org\/10.1080\/14782804.2024.2358364\" title=\"Bibliographical information\">DOI<\/a> <a href=\"https:\/\/www.webofscience.com\/api\/gateway?GWVersion=2&#038;SrcApp=fis-test-1&#038;SrcAuth=WosAPI&#038;KeyUT=WOS:001234491800001&#038;DestLinkType=FullRecord&#038;DestApp=WOS_CPL\" title=\"Bibliographical information\" >Author\/Publisher URL<\/a><\/div>\n  <div class=\"csl-entry\">Finger, T., Biel, J., Stockemer, D., et al. (2024). The Football Effect: Comparing European Identity Between Fans and Non\u2010Fans. <i>Contemporary European Politics<\/i>, <i>2<\/i>(3-4). <a href=\"https:\/\/doi.org\/10.1002\/cep4.70003\" title=\"Bibliographical information\">DOI<\/a><\/div>\n  <div class=\"csl-entry\">Finger, T., Reinke, V. P., Biel, J., Niemann, A. (2024). Fostering Social Cohesion through International Exchange in Socio-Pedagogical Fan Work: A Policy Proposal for Similar Structures and Standards across Europe. In <i>Mainz Papers on International and European Politics (MPIEP)<\/i> (Issues 29). <a href=\"https:\/\/international.politics.uni-mainz.de\/files\/2024\/06\/MPIEP-no.-29.pdf\" title=\"Bibliographical information\" download>Author\/Publisher URL<\/a><\/div>\n  <div class=\"csl-entry\">Finger, T., Reinke, V. P., Niemann, A., Biel, J. (2024). Enhancing Fan Participation: A Policy Proposal for Codetermination in European Club Football. In <i>Mainz Papers on International and European Politics<\/i> (Issues 30).<\/div>\n  <div class=\"csl-entry\">Biel, J., Niemann, A., Finger, T., Reinke, V. P. (2023). <i>Spielfeld Europa: Die Bedeutung des Fu\u00dfballs f\u00fcr europ\u00e4ische Identit\u00e4ten, Zugeh\u00f6rigkeit und Zusammenhalt<\/i>. <a href=\"https:\/\/www.blogs.uni-mainz.de\/fb02-fachschaft-politik\/ringvorlesung-wise-23-24\/\" title=\"Bibliographical information\" >Author\/Publisher URL<\/a><\/div>\n  <div class=\"csl-entry\">Biel, J. (2023). <i>Representations of Europe in the European Public Football Sphere<\/i>. Ideas on Europe: Insight from the Journal of Common Market Studies:University Association for Contemporary European Studies. <a href=\"https:\/\/jcms.ideasoneurope.eu\/2023\/11\/06\/representations-of-europe-in-the-european-public-football-sphere\/\" title=\"Bibliographical information\" >Author\/Publisher URL<\/a><\/div>\n  <div class=\"csl-entry\">Biel, J., Niemann, A., Finger, T., Reinke, V. P. (2023). <i>Seeing Europe through \u2018Football Glasses\u2019? Comparing fans and non-fans views of Europe<\/i>.<\/div>\n  <div class=\"csl-entry\">Biel, J., Finger, T., Niemann, A., Reinke, V. P. (2023). <i>Becoming European Through (Football) Media? A Comparative Analysis of German, Norwegian, Polish and Spanish media outlets<\/i>.<\/div>\n  <div class=\"csl-entry\">Finger, T., Biel, J., Niemann, A., Reinke, V. P. (2023). <i>Von Konsum, Kritik und Kon\u00adsum\u00adkritik<\/i>. 11freunde.de:11Freunde. <a href=\"https:\/\/11freunde.de\/artikel\/von-konsum-kritik-und-konsumkritik\/9049622?komplettansicht=\" title=\"Bibliographical information\" >Author\/Publisher URL<\/a><\/div>\n  <div class=\"csl-entry\">Biel, J., Finger, T., Reinke, V., et al. (2023). Becoming European Through Football Media? Representations of Europe in German Football News Coverage. <i>INTERNATIONAL JOURNAL OF SPORT COMMUNICATION<\/i>, <i>16<\/i>(2), 202-214. <a href=\"https:\/\/doi.org\/10.1123\/ijsc.2023-0004\" title=\"Bibliographical information\">DOI<\/a> <a href=\"https:\/\/www.webofscience.com\/api\/gateway?GWVersion=2&#038;SrcApp=fis-test-1&#038;SrcAuth=WosAPI&#038;KeyUT=WOS:000973027200001&#038;DestLinkType=FullRecord&#038;DestApp=WOS_CPL\" title=\"Bibliographical information\" >Author\/Publisher URL<\/a><\/div>\n  <div class=\"csl-entry\">Finger, T., Biel, J. (2023). <i>Fu\u00dfball, Identit\u00e4ten und sozialer Zusammenhalt in Europa<\/i>. <a href=\"https:\/\/www.studgen.uni-mainz.de\/rvl-tsp-europa-winter-2022-23\/\" title=\"Bibliographical information\" >Author\/Publisher URL<\/a><\/div>\n  <div class=\"csl-entry\">Finger, T., Amann, J., Biel, J., et al. (2023). Researching football, identity and cohesion in Europe. <i>Sports law, policy &amp;amp; diplomacy journal<\/i>, <i>1<\/i>(1), 131-157. <a href=\"https:\/\/doi.org\/10.30925\/slpdj.1.1.5\" title=\"Bibliographical information\">DOI<\/a><\/div>\n  <div class=\"csl-entry\">Biel, J., Finger, T. (2022). <i>Football, Europe, Identity &#8211; Why Representation Matters (Part 2)<\/i>. Sport&amp;EU-Blog:Sport&amp;EU. <a href=\"https:\/\/www.sportandeu.com\/post\/football-europe-identity-why-representation-matters\" title=\"Bibliographical information\" >Author\/Publisher URL<\/a><\/div>\n  <div class=\"csl-entry\">Biel, J., Finger, T. (2022). <i>Football, Europe, Identity &#8211; Why Representation Matters (Part 1)<\/i>. Sport&amp;EU-Blog:Sport&amp;EU. <a href=\"https:\/\/www.sportandeu.com\/post\/football-europe-identity-why-representation-matters\" title=\"Bibliographical information\" >Author\/Publisher URL<\/a><\/div>\n  <div class=\"csl-entry\">Niemann, A., Biel, J., Finger, T., Reinke, V. P. (2022). <i>Becoming European through football media<\/i>.<\/div>\n  <div class=\"csl-entry\">Finger, T., Biel, J. (2022). <i>Goodbye Europe<\/i>. 11freunde.de:11Freunde. <a href=\"https:\/\/11freunde.de\/artikel\/goodbye-europe\/6705487\" title=\"Bibliographical information\" >Author\/Publisher URL<\/a><\/div>\n  <div class=\"csl-entry\">Niemann, A., Biel, J., Finger, T., Reinke, V. P. (2022). <i>Becoming European through football media<\/i>.<\/div>\n  <div class=\"csl-entry\">Amann, J., Biel, J., Niemann, A. (2022). <i>Keynote: Football and European Belonging<\/i>.<\/div>\n<\/div>\t\n<\/div>\n\n<div style=\"height:90px\" aria-hidden=\"true\" class=\"wp-block-spacer\"><\/div>\n    <div style=\"display: none\">\n        \n    <\/div>","protected":false},"excerpt":{"rendered":"","protected":false},"author":2297,"featured_media":0,"parent":12247,"menu_order":1,"comment_status":"closed","ping_status":"closed","template":"","meta":{"footnotes":""},"categories":[],"tags":[],"class_list":["post-12358","page","type-page","status-publish","hentry"],"content_raw":"<!-- wp:jgu\/pageheader {\"items\":[{\"box\":{\"index\":\"\",\"title\":\"Jonas Biel, M.A.\",\"link\":{\"url\":\"\",\"title\":\"learn more\"}},\"color\":\"default\",\"image\":{\"url\":\"\"},\"imgCredit\":\"\",\"useVideo\":false,\"video\":false}],\"type\":\"border\",\"useBreadcrumb\":true} \/--><!-- wp:columns -->\n<div class=\"wp-block-columns\"><!-- wp:column -->\n<div class=\"wp-block-column\"><!-- wp:jgu\/idm-person {\"id\":\"283733\",\"link\":\"false\",\"organizationId\":615,\"roleId\":16} \/--><\/div>\n<!-- \/wp:column -->\n\n<!-- wp:column -->\n<div class=\"wp-block-column\"><!-- wp:spacer {\"height\":\"95px\"} -->\n<div style=\"height:95px\" aria-hidden=\"true\" class=\"wp-block-spacer\"><\/div>\n<!-- \/wp:spacer --><\/div>\n<!-- \/wp:column --><\/div>\n<!-- \/wp:columns --><!-- wp:spacer -->\n<div style=\"height:90px\" aria-hidden=\"true\" class=\"wp-block-spacer\"><\/div>\n<!-- \/wp:spacer --><!-- wp:columns -->\n<div class=\"wp-block-columns\"><!-- wp:column -->\n<div class=\"wp-block-column\"><!-- wp:jgu\/heading {\"tags\":{\"htmlTag\":\"h2\",\"classTag\":\"\",\"tag\":\"h2\"},\"heading\":\"Biography\"} \/-->\n\n<!-- wp:jgu\/alertbox {\"headline\":\"CV\"} -->\n<!-- wp:jgu\/list-item {\"title\":\"PhD Candidate on Football, European Identities, and Social Cohesion\",\"uuid\":\"1754055217637\"} \/-->\n\n<!-- wp:jgu\/list-item {\"title\":\" \\u003Cstrong\\u003E2017 to 2020\\u003C\/strong\\u003E: Empirical Democracy Research (M.A.) at Johannes Gutenberg University Mainz \",\"uuid\":\"1745002963432\",\"link\":{\"url\":null}} \/-->\n\n<!-- wp:jgu\/list-item {\"title\":\"\\u003Cstrong\\u003E2012 to 2016\\u003C\/strong\\u003E: Political Science (B.A.) at Johannes Gutenberg University Mainz \",\"uuid\":\"1745003018920\",\"link\":{\"url\":null}} \/-->\n<!-- \/wp:jgu\/alertbox --><\/div>\n<!-- \/wp:column -->\n\n<!-- wp:column -->\n<div class=\"wp-block-column\"><!-- wp:jgu\/heading {\"tags\":{\"htmlTag\":\"h2\",\"classTag\":\"\",\"tag\":\"h2\"},\"heading\":\"Research Interests\"} \/-->\n\n<!-- wp:list -->\n<ul><!-- wp:list-item {\"translatedWithWPMLTM\":\"1\"} -->\n<li>Europeanization<\/li>\n<!-- \/wp:list-item -->\n\n<!-- wp:list-item {\"translatedWithWPMLTM\":\"1\"} -->\n<li>European Identities<\/li>\n<!-- \/wp:list-item -->\n\n<!-- wp:list-item {\"translatedWithWPMLTM\":\"1\"} -->\n<li>Sport &amp; Politics<\/li>\n<!-- \/wp:list-item -->\n\n<!-- wp:list-item {\"translatedWithWPMLTM\":\"1\"} -->\n<li>Quantitative Social Research<\/li>\n<!-- \/wp:list-item --><\/ul>\n<!-- \/wp:list -->\n\n<!-- wp:jgu\/heading {\"tags\":{\"htmlTag\":\"h2\",\"classTag\":\"h3\",\"tag\":\"h2.h3\"},\"heading\":\"Current research projects\"} \/-->\n\n<!-- wp:list -->\n<ul><!-- wp:list-item {\"translatedWithWPMLTM\":\"1\"} -->\n<li>Research project FANZinE \u2013 Football as a Basis for Social Cohesion in Europe (<a href=\"https:\/\/fanzine-research.github.io\/\">https:\/\/fanzine-research.github.io\/<\/a>)<\/li>\n<!-- \/wp:list-item --><\/ul>\n<!-- \/wp:list --><\/div>\n<!-- \/wp:column --><\/div>\n<!-- \/wp:columns --><!-- wp:spacer -->\n<div style=\"height:90px\" aria-hidden=\"true\" class=\"wp-block-spacer\"><\/div>\n<!-- \/wp:spacer --><!-- wp:jgu\/heading {\"tags\":{\"htmlTag\":\"h2\",\"classTag\":\"\",\"tag\":\"h2\"},\"heading\":\"Courses\"} \/--><!-- wp:jgu\/jogustine {\"orgunit\":\"Politikwissenschaft\",\"instructor\":\"Biel\"} \/--><!-- wp:spacer -->\n<div style=\"height:90px\" aria-hidden=\"true\" class=\"wp-block-spacer\"><\/div>\n<!-- \/wp:spacer --><!-- wp:jgu\/heading {\"tags\":{\"htmlTag\":\"h2\",\"classTag\":\"\",\"tag\":\"h2\"},\"heading\":\"Publications\"} \/--><!-- wp:jgu\/fis {\"user\":\"jobiel\"} \/--><!-- wp:spacer -->\n<div style=\"height:90px\" aria-hidden=\"true\" class=\"wp-block-spacer\"><\/div>\n<!-- \/wp:spacer -->","_links":{"self":[{"href":"https:\/\/internationale.politik.uni-mainz.de\/en\/wp-json\/wp\/v2\/pages\/12358","targetHints":{"allow":["GET"]}}],"collection":[{"href":"https:\/\/internationale.politik.uni-mainz.de\/en\/wp-json\/wp\/v2\/pages"}],"about":[{"href":"https:\/\/internationale.politik.uni-mainz.de\/en\/wp-json\/wp\/v2\/types\/page"}],"author":[{"embeddable":true,"href":"https:\/\/internationale.politik.uni-mainz.de\/en\/wp-json\/wp\/v2\/users\/2297"}],"replies":[{"embeddable":true,"href":"https:\/\/internationale.politik.uni-mainz.de\/en\/wp-json\/wp\/v2\/comments?post=12358"}],"version-history":[{"count":6,"href":"https:\/\/internationale.politik.uni-mainz.de\/en\/wp-json\/wp\/v2\/pages\/12358\/revisions"}],"predecessor-version":[{"id":13132,"href":"https:\/\/internationale.politik.uni-mainz.de\/en\/wp-json\/wp\/v2\/pages\/12358\/revisions\/13132"}],"up":[{"embeddable":true,"href":"https:\/\/internationale.politik.uni-mainz.de\/en\/wp-json\/wp\/v2\/pages\/12247"}],"wp:attachment":[{"href":"https:\/\/internationale.politik.uni-mainz.de\/en\/wp-json\/wp\/v2\/media?parent=12358"}],"wp:term":[{"taxonomy":"category","embeddable":true,"href":"https:\/\/internationale.politik.uni-mainz.de\/en\/wp-json\/wp\/v2\/categories?post=12358"},{"taxonomy":"post_tag","embeddable":true,"href":"https:\/\/internationale.politik.uni-mainz.de\/en\/wp-json\/wp\/v2\/tags?post=12358"}],"curies":[{"name":"wp","href":"https:\/\/api.w.org\/{rel}","templated":true}]}}